{"id":4474,"date":"2020-05-25T15:24:01","date_gmt":"2020-05-25T13:24:01","guid":{"rendered":"https:\/\/ewavemallorca.com\/healthy-work-life-balance-coworking-in-mallorca\/"},"modified":"2024-02-14T12:32:47","modified_gmt":"2024-02-14T11:32:47","slug":"healthy-work-life-balance-coworking-in-mallorca","status":"publish","type":"page","link":"https:\/\/ewavemallorca.com\/es\/","title":{"rendered":"Balance saludable entre vida profesional y personal."},"content":{"rendered":"<div class=\"wpb-content-wrapper\"><p>[vc_row full_width=\u00bbstretch_row\u00bb content_placement=\u00bbtop\u00bb bg_custom=\u00bbrow-full-width\u00bb bg_position=\u00bbcenter center\u00bb canvas=\u00bb%5B%7B%22shape%22%3A%22shape-1%22%2C%22image_effect%22%3A%22style-1%22%2C%22smoothness%22%3A%2230%22%7D%5D\u00bb css=\u00bb.vc_custom_1689072313528{background-color: #ffffff !important;}\u00bb][vc_column]\n\t\t\t<!-- START ewave ES REVOLUTION SLIDER 6.7.29 --><p class=\"rs-p-wp-fix\"><\/p>\n\t\t\t<rs-module-wrap id=\"rev_slider_1_1_wrapper\" data-source=\"gallery\" style=\"visibility:hidden;background:transparent;padding:0;margin:0px auto;margin-top:0;margin-bottom:0;\">\n\t\t\t\t<rs-module id=\"rev_slider_1_1\" style=\"\" data-version=\"6.7.29\">\n\t\t\t\t\t<rs-slides style=\"overflow: hidden; position: absolute;\">\n\t\t\t\t\t\t<rs-slide style=\"position: absolute;\" data-key=\"rs-1\" data-title=\"Slide\" data-in=\"o:0;\" data-out=\"a:false;\">\n\t\t\t\t\t\t\t<img decoding=\"async\" src=\"\/\/ewavemallorca.com\/wp-content\/plugins\/revslider\/sr6\/assets\/assets\/dummy.png\" alt=\"\" title=\"ewave2025_1.jpeg\" width=\"1280\" height=\"720\" class=\"rev-slidebg tp-rs-img rs-lazyload\" data-lazyload=\"\/\/ewavemallorca.com\/wp-content\/uploads\/revslider\/video-media\/ewave2025_1.jpeg\" data-no-retina>\n\t\t\t\t\t\t\t<rs-bgvideo \n\t\t\t\t\t\t\t\tdata-video=\"w:100%;h:100%;nse:false;l:true;ptimer:true;vfc:true;\"\n\t\t\t\t\t\t\t\tdata-mp4=\"\/\/ewavemallorca.com\/wp-content\/uploads\/2025\/06\/ewave2025.mp4\"\n\t\t\t\t\t\t\t><\/rs-bgvideo>\n<!--\n\t\t\t\t\t\t\t--><rs-layer\n\t\t\t\t\t\t\t\tid=\"slider-1-slide-1-layer-0\" \n\t\t\t\t\t\t\t\tdata-type=\"text\"\n\t\t\t\t\t\t\t\tdata-tsh=\"h:4px,3px,2px,1px;v:3px,2px,1px,0px;\"\n\t\t\t\t\t\t\t\tdata-rsp_ch=\"on\"\n\t\t\t\t\t\t\t\tdata-xy=\"xo:18px,23px,35px,29px;y:m;yo:-10px,-19px,-100px,-22px;\"\n\t\t\t\t\t\t\t\tdata-text=\"w:normal;s:60,60,57,53;l:76,76,76,79;\"\n\t\t\t\t\t\t\t\tdata-dim=\"w:574px,593px,498px,460px;\"\n\t\t\t\t\t\t\t\tdata-frame_0=\"y:50,42,39px,28px;\"\n\t\t\t\t\t\t\t\tdata-frame_1=\"st:1000;sp:500;sR:1000;\"\n\t\t\t\t\t\t\t\tdata-frame_999=\"o:0;st:w;sR:7500;\"\n\t\t\t\t\t\t\t\tstyle=\"z-index:5;font-family:'Sharp Grotesk Medium 25';\"\n\t\t\t\t\t\t\t>Coworking y Coliving en Mallorca \n\t\t\t\t\t\t\t<\/rs-layer><!--\n\n\t\t\t\t\t\t\t--><a\n\t\t\t\t\t\t\t\tid=\"slider-1-slide-1-layer-2\" \n\t\t\t\t\t\t\t\tclass=\"rs-layer rev-btn\"\n\t\t\t\t\t\t\t\thref=\"https:\/\/ewavemallorca.com\/es\/solicitar-informacion\/\" target=\"_blank\" rel=\"nofollow noopener\"\n\t\t\t\t\t\t\t\tdata-type=\"button\"\n\t\t\t\t\t\t\t\tdata-xy=\"xo:20px,23px,37px,21px;y:m;yo:190px,163px,105px,189px;\"\n\t\t\t\t\t\t\t\tdata-text=\"w:normal;s:17,14,16,17;l:20,17,19,20;ls:1,0,0,0;\"\n\t\t\t\t\t\t\t\tdata-dim=\"minh:0px,none,none,none;\"\n\t\t\t\t\t\t\t\tdata-rsp_bd=\"off\"\n\t\t\t\t\t\t\t\tdata-padding=\"t:12,10,12,13;r:35,30,36,40;b:12,10,12,13;l:35,30,36,40;\"\n\t\t\t\t\t\t\t\tdata-border=\"bor:30px,30px,30px,30px;\"\n\t\t\t\t\t\t\t\tdata-frame_0=\"y:50,42,48px,53px;\"\n\t\t\t\t\t\t\t\tdata-frame_1=\"st:2020;sp:500;sR:2020;\"\n\t\t\t\t\t\t\t\tdata-frame_999=\"o:0;st:w;sR:6480;\"\n\t\t\t\t\t\t\t\tdata-frame_hover=\"c:#0099d4;bgc:#fff;bor:30px,30px,30px,30px;sp:200;e:power1.inOut;bri:100%;\"\n\t\t\t\t\t\t\t\tstyle=\"z-index:7;background-color:rgba(0,0,0,0.75);font-family:'Sharp Grotesk Medium 25';text-transform:uppercase;\"\n\t\t\t\t\t\t\t>SOLICITA UNA VISITA <i class=\"fa-chevron-right\"><\/i> \n\t\t\t\t\t\t\t<\/a><!--\n-->\t\t\t\t\t<\/rs-slide>\n\t\t\t\t\t<\/rs-slides>\n\t\t\t\t<\/rs-module>\n\t\t\t\t<script>\n\t\t\t\t\tsetREVStartSize({c: 'rev_slider_1_1',rl:[1240,1024,778,480],el:[960,960,860,800],gw:[1200,1024,778,480],gh:[960,960,860,800],type:'standard',justify:'',layout:'fullwidth',mh:\"0\"});if (window.RS_MODULES!==undefined && window.RS_MODULES.modules!==undefined && window.RS_MODULES.modules[\"revslider11\"]!==undefined) {window.RS_MODULES.modules[\"revslider11\"].once = false;window.revapi1 = undefined;if (window.RS_MODULES.checkMinimal!==undefined) window.RS_MODULES.checkMinimal()}\n\t\t\t\t<\/script>\n\t\t\t<\/rs-module-wrap>\n\t\t\t<!-- END REVOLUTION SLIDER -->\n<div class=\"deeper-spacer clearfix\" data-config='{\"desktop\":70,\"mobile\":40,\"smobile\":30}'><\/div>[\/vc_column][\/vc_row][vc_row gap=\u00bb35&#8243; canvas=\u00bb%5B%7B%22shape%22%3A%22shape-1%22%2C%22image_effect%22%3A%22style-1%22%2C%22smoothness%22%3A%2230%22%7D%5D\u00bb css=\u00bb.vc_custom_1666024385559{background-color: #f2ece1 !important;}\u00bb][vc_column][vc_column_text]<\/p>\n<h1 style=\"text-align: center;\">Coworking en Palma de Mallorca<\/h1>\n<p>[\/vc_column_text]<div class=\"deeper-spacer clearfix\" data-config='{\"desktop\":90,\"mobile\":40,\"smobile\":40}'><\/div>[vc_row_inner equal_height=\u00bbyes\u00bb content_placement=\u00bbmiddle\u00bb][vc_column_inner offset=\u00bbvc_col-md-5&#8243;]<h2 class=\"deeper-text align-left  wow fadeInUp\" style=\"margin-bottom:30px;\"  data-wow-duration=\"0.75s\" data-wow-delay=\"0.3s\"><span>M\u00faltiples opciones para hacer realidad tus ideas<\/span>\n<\/h2><div class=\"deeper-text align-left  wow fadeInUp\" style=\"\"  data-wow-duration=\"0.75s\" data-wow-delay=\"0.3s\"><span>Mesas de madera, plantas tropicales, y una terraza preciosa, todo esto a tan solo 100 metros del mar. Somos el primer coworking en Palma, Mallorca, que te dar\u00e1 la oportunidad de trabajar desde un entorno moderno, c\u00f3modo y fresco, mientras consigues oportunidades de financiaci\u00f3n o inversi\u00f3n, tambi\u00e9n te ayuda a lograr un equilibrio saludable entre la vida personal y laboral. eWave est\u00e1 ubicado en el Molinar, desde aqu\u00ed podr\u00e1s practicar tus deportes acu\u00e1ticos favoritos (surf, windsurf, kayak, paddle surf, nataci\u00f3n), o disfrutar de m\u00e1s de 20km de carril bici\/running con vistas al mar que pasa justo a nuestro lado.<\/span>\n<\/div><div class=\"deeper-spacer clearfix\" data-config='{\"desktop\":60,\"mobile\":50,\"smobile\":40}'><\/div><div class=\"url-wrap  align-left wow fadeInUp\"  data-wow-duration=\"0.75s\" data-wow-delay=\"0.3s\">\r\n\t\t\t\t\t\t<a class=\"deeper-button button-accent medium\" style=\"\" href=https:\/\/ewavemallorca.com\/es\/membresias-y-planes-de-coworking-en-mallorca\/ title=&quot;Memberships&quot; >Membres\u00edas<span class=\"hover-effect\"><\/span><\/a>\r\n\t\t\t\t\t<\/div><div class=\"deeper-spacer clearfix\" data-config='{\"mobile\":60,\"smobile\":60}'><\/div>[\/vc_column_inner][vc_column_inner offset=\u00bbvc_col-md-offset-1 vc_col-md-6&#8243;]<div class=\"deeper-parallax-box \"><div class=\"parallax-wrap\"><div class=\" wow fadeInDown\"  data-wow-duration=\"0.75s\" data-wow-delay=\"0.3s\">\r\n\t\t\t\t\t\t<div class=\"deeper-parallax-item  has-width\" style=\"left:auto;right:-30px;margin-top:0px;width:82.456%;border-radius:10px;\" data-parallax='{ \"x\": -50, \"smoothness\": 30 }' data-top=\"0px\">\r\n\t\t\t\t\t\t \t<div class=\"inner\">\r\n\t\t\t\t\t\t \t\t<img decoding=\"async\" class=\"parallax-image\" src=\"https:\/\/ewavemallorca.com\/wp-content\/uploads\/2020\/06\/layered-image-2.jpg\" alt=\"image\">\r\n\t\t\t\t\t\t \t<\/div>\r\n\t\t\t\t\t\t<\/div>\r\n\t\t\t\t\t<\/div><div class=\" wow fadeInLeft\"  data-wow-duration=\"0.75s\" data-wow-delay=\"0.3s\">\r\n\t\t\t\t\t\t<div class=\"deeper-parallax-item  has-width\" style=\"left:-30px;margin-top:21.667%;width:52.632%;border-radius:10px;box-shadow:0 30px 70px 0 rgba(158,178,183,0.7);\" data-parallax='{ \"x\": 50, \"smoothness\": 30 }' data-top=\"21.667%\">\r\n\t\t\t\t\t\t \t<div class=\"inner\">\r\n\t\t\t\t\t\t \t\t<img decoding=\"async\" class=\"parallax-image\" src=\"https:\/\/ewavemallorca.com\/wp-content\/uploads\/2022\/10\/good-vibes-ewave-mallorca-coworking.jpg\" alt=\"image\">\r\n\t\t\t\t\t\t \t<\/div>\r\n\t\t\t\t\t\t<\/div>\r\n\t\t\t\t\t<\/div><\/div><\/div>[\/vc_column_inner][\/vc_row_inner]<div class=\"deeper-spacer clearfix\" data-config='{\"desktop\":100,\"mobile\":100,\"smobile\":90}'><\/div>[\/vc_column][\/vc_row][vc_row gap=\u00bb35&#8243; canvas=\u00bb%5B%7B%22shape%22%3A%22shape-1%22%2C%22image_effect%22%3A%22style-1%22%2C%22smoothness%22%3A%2230%22%7D%5D\u00bb css=\u00bb.vc_custom_1669374922246{background-image: url(https:\/\/ewavemallorca.com\/wp-content\/uploads\/2022\/10\/line-banner-gradient.jpg?id=3050) !important;background-position: 0 0 !important;background-repeat: no-repeat !important;}\u00bb][vc_column]<h2 class=\"deeper-text align-left \" style=\"font-size:16;color:#ffffff;\" ><span>Descubre nuestro abanico de posibilidades<br \/>\npara formar parte <a href=\"https:\/\/mycatchy.link\/ewave\/\">de nuestra comunidad<\/a><\/span>\n<\/h2>[\/vc_column][\/vc_row][vc_row][vc_column]<div class=\"deeper-spacer clearfix\" data-config='{\"desktop\":150,\"mobile\":120,\"smobile\":90}'><\/div>[\/vc_column][vc_column width=\u00bb1\/2&#8243;]<h2 class=\"deeper-text align-left  wow fadeInUp\" style=\"font-size:36px;line-height:56px;margin-bottom:30px;\"  data-wow-duration=\"0.75s\" data-wow-delay=\"0.3s\"><h2>Membres\u00edas<\/h2>\n<\/h2><div class=\"deeper-text align-left  text-has-width wow fadeInUp\" style=\"margin-bottom:0px;max-width:560px;\"  data-wow-duration=\"0.75s\" data-wow-delay=\"0.3s\"><span>Descubre nuestro abanico de posibilidades para formar parte de nuestra comunidad y disfruta de la primera incubadora de coworking a escasos metros del mar:<\/span>\n<\/div><div class=\"deeper-spacer clearfix\" data-config='{\"desktop\":90,\"mobile\":70,\"smobile\":50}'><\/div>[vc_tta_accordion shape=\u00bbsquare\u00bb color=\u00bbchino\u00bb c_icon=\u00bbchevron\u00bb active_section=\u00bb0&#8243; collapsible_all=\u00bbtrue\u00bb css=\u00bb.vc_custom_1669317173058{padding-top: 25px !important;padding-right: 25px !important;padding-bottom: 25px !important;padding-left: 25px !important;background-image: url(https:\/\/ewavemallorca.com\/wp-content\/uploads\/2022\/11\/river-water-ground-texture-free-scaled.jpg?id=3190) !important;}\u00bb][vc_tta_section title=\u00bbAir\u00bb tab_id=\u00bb1668019315652-a8e2d210-017f\u00bb]<h2 class=\"deeper-text align-left \" style=\"font-size:15px;\" ><span>Si te mueves libremente como el viento y te gustar\u00eda venir de vez en cuando, tenemos esta opci\u00f3n para ti. \u00a1Ven y comparte tu energ\u00eda poderosa con nosotros! Tendr\u00e1s acceso a todas las \u00e1reas de recreaci\u00f3n, cocina y espacios de trabajo flexibles.<\/span>\n<ul>\n<li>De lunes a viernes<\/li>\n<li>Wifi incl.<\/li>\n<li>Acceso a \u00e1reas de recreaci\u00f3n, flex y cocina.<\/li>\n<li>Servicio de correo<\/li>\n<\/ul>\n<\/h2><h2 class=\"deeper-text align-left \" style=\"font-size:20px;color:#3d82bf;\" ><span><a href=\"https:\/\/ewavemallorca.com\/es\/membresias-y-planes-de-coworking-en-mallorca\/\"><span style=\"font-weight: 400;\">MORE INFO<\/span><\/a><\/span>\n<\/h2>[\/vc_tta_section][\/vc_tta_accordion][vc_tta_accordion shape=\u00bbsquare\u00bb color=\u00bbchino\u00bb c_icon=\u00bbchevron\u00bb active_section=\u00bb0&#8243; collapsible_all=\u00bbtrue\u00bb css=\u00bb.vc_custom_1669317199445{padding-top: 25px !important;padding-right: 25px !important;padding-bottom: 25px !important;padding-left: 25px !important;background-image: url(https:\/\/ewavemallorca.com\/wp-content\/uploads\/2022\/11\/river-water-ground-texture-free-scaled.jpg?id=3190) !important;}\u00bb][vc_tta_section title=\u00bbMaverick\u00bb tab_id=\u00bb1668019314754-c2bd1d2d-1d0b\u00bb]<h2 class=\"deeper-text align-left \" style=\"font-size:15px;\" ><span>\u00bfTe gustar\u00eda tener tu propio escritorio? Entonces, esta opci\u00f3n es para ti. Disfruta de tu propio espacio designado mientras puedes disfrutar de todas las dem\u00e1s \u00e1reas en eWave. \u00a1Podr\u00e1s aprovecharlo al m\u00e1ximo en cualquier momento!<\/span>\n<ul>\n<li>Posibilidad de acceso las 24 horas, los 7 d\u00edas de la semana.<\/li>\n<li>Wifi incl.<\/li>\n<li>Escritorio privado.<\/li>\n<li>Zona de almacenamiento<\/li>\n<li>Servicio de correo<\/li>\n<li>Cr\u00e9ditos de impresi\u00f3n +<\/li>\n<li>10 cr\u00e9ditos para salas de reuniones.<\/li>\n<\/ul>\n<\/h2><h2 class=\"deeper-text align-left \" style=\"font-size:20px;color:#3d82bf;\" ><span><a href=\"https:\/\/ewavemallorca.com\/es\/membresias-y-planes-de-coworking-en-mallorca\/\"><span style=\"font-weight: 400;\">MORE INFO<\/span><\/a><\/span>\n<\/h2>[\/vc_tta_section][\/vc_tta_accordion][\/vc_column][vc_column width=\u00bb1\/2&#8243;][vc_tta_accordion shape=\u00bbsquare\u00bb color=\u00bbchino\u00bb c_icon=\u00bbchevron\u00bb active_section=\u00bb0&#8243; collapsible_all=\u00bbtrue\u00bb css=\u00bb.vc_custom_1669317181712{padding-top: 25px !important;padding-right: 25px !important;padding-bottom: 25px !important;padding-left: 25px !important;background-image: url(https:\/\/ewavemallorca.com\/wp-content\/uploads\/2022\/11\/river-water-ground-texture-free-scaled.jpg?id=3190) !important;}\u00bb][vc_tta_section title=\u00bbDay Pass\u00bb tab_id=\u00bb1668015945654-dae6d0bb-4415&#8243;]<h2 class=\"deeper-text align-left \" style=\"font-size:15px;\" ><span>\u00a1Ven y experimenta por ti mismo\/a! Tendr\u00e1s la oportunidad de reservar un pase de un d\u00eda o de 5 d\u00edas, rellena el formulario para solicitarlo. Tendr\u00e1s acceso a todas las \u00e1reas de recreaci\u00f3n<em> (o \u00e1reas de recreo,\u00a0 \u00e1reas de descanso)<\/em> , cocina y espacios de trabajo flexibles.<\/span>\n<span>&nbsp;<\/span>\n<ul>\n<li>De lunes a viernes.<\/li>\n<li>Wifi incluido.<\/li>\n<li>Acceso a \u00e1reas de recreaci\u00f3n, flex y cocina.<\/li>\n<\/ul>\n<\/h2><h2 class=\"deeper-text align-left \" style=\"font-size:20px;color:#3d82bf;\" ><span><a href=\"https:\/\/ewavemallorca.com\/es\/membresias-y-planes-de-coworking-en-mallorca\/\"><span style=\"font-weight: 400;\">MORE INFO<\/span><\/a><\/span>\n<\/h2>[\/vc_tta_section][\/vc_tta_accordion][vc_tta_accordion shape=\u00bbsquare\u00bb color=\u00bbchino\u00bb c_icon=\u00bbchevron\u00bb active_section=\u00bb0&#8243; collapsible_all=\u00bbtrue\u00bb css=\u00bb.vc_custom_1669317192067{padding-top: 25px !important;padding-right: 25px !important;padding-bottom: 25px !important;padding-left: 25px !important;background-image: url(https:\/\/ewavemallorca.com\/wp-content\/uploads\/2022\/11\/river-water-ground-texture-free-scaled.jpg?id=3190) !important;}\u00bb][vc_tta_section title=\u00bbSwell\u00bb tab_id=\u00bb1668019324876-df85446e-c324&#8243;]<h2 class=\"deeper-text align-left \" style=\"font-size:15px;\" ><span>\u00a1Si\u00e9ntete libre de venir en cualquier momento! Aprovechemos al m\u00e1ximo este espacio de coworking e incubadora mientras disfrutamos de un buen equilibrio entre vida laboral y personal junto al mar. Tendr\u00e1s acceso a todas las \u00e1reas de recreaci\u00f3n, cocina y espacios de trabajo flexibles.<\/span>\n<ul>\n<li>Posibilidad de acceso 24\/7<\/li>\n<li>Wifi incl.<\/li>\n<li>Espacio de almacenamiento.<\/li>\n<li>Servicio de correo<\/li>\n<li>Cr\u00e9ditos de impresi\u00f3n.<\/li>\n<li>6 cr\u00e9ditos para salas de reuniones.<span style=\"font-weight: 400;\">\u00a0<\/span><\/li>\n<\/ul>\n<\/h2><h2 class=\"deeper-text align-left \" style=\"font-size:20px;color:#3d82bf;\" ><span><a href=\"https:\/\/ewavemallorca.com\/es\/membresias-y-planes-de-coworking-en-mallorca\/\"><span style=\"font-weight: 400;\">MORE INFO<\/span><\/a><\/span>\n<\/h2>[\/vc_tta_section][\/vc_tta_accordion]<div class=\"deeper-spacer clearfix\" data-config='{\"desktop\":90,\"mobile\":50,\"smobile\":50}'><\/div><div class=\"deeper-parallax-box \"><div class=\"parallax-wrap\"><div class=\" wow fadeInDown\"  data-wow-duration=\"0.75s\" data-wow-delay=\"0.3s\">\r\n\t\t\t\t\t\t<div class=\"deeper-parallax-item  has-width\" style=\"left:auto;right:-30px;margin-top:-20px;width:82.456%;border-radius:10px;\" data-parallax='{ \"x\": -50, \"smoothness\": 30 }' data-top=\"-20px\">\r\n\t\t\t\t\t\t \t<div class=\"inner\">\r\n\t\t\t\t\t\t \t\t<img decoding=\"async\" class=\"parallax-image\" src=\"https:\/\/ewavemallorca.com\/wp-content\/uploads\/2023\/07\/ewave-mallorca-coworking-palma-office-share-dek-business-coworkers-space.jpg\" alt=\"image\">\r\n\t\t\t\t\t\t \t<\/div>\r\n\t\t\t\t\t\t<\/div>\r\n\t\t\t\t\t<\/div><div class=\" wow fadeInLeft\"  data-wow-duration=\"0.75s\" data-wow-delay=\"0.3s\">\r\n\t\t\t\t\t\t<div class=\"deeper-parallax-item  has-width\" style=\"left:-30px;margin-top:40%;width:52.632%;border-radius:10px;box-shadow:0 30px 70px 0 rgba(158,178,183,0.7);\" data-parallax='{ \"x\": 50, \"smoothness\": 30 }' data-top=\"40%\">\r\n\t\t\t\t\t\t \t<div class=\"inner\">\r\n\t\t\t\t\t\t \t\t<img decoding=\"async\" class=\"parallax-image\" src=\"https:\/\/ewavemallorca.com\/wp-content\/uploads\/2023\/07\/ewave-mallorca-coworking-palma-office-share-dek-business-coworkers-kitchen.jpg\" alt=\"image\">\r\n\t\t\t\t\t\t \t<\/div>\r\n\t\t\t\t\t\t<\/div>\r\n\t\t\t\t\t<\/div><\/div><\/div>[\/vc_column][\/vc_row][vc_row][vc_column]<div class=\"deeper-spacer clearfix\" data-config='{\"desktop\":150,\"mobile\":120,\"smobile\":90}'><\/div>[\/vc_column][\/vc_row][vc_row gap=\u00bb35&#8243; canvas=\u00bb%5B%7B%22element%22%3A%22image%22%2C%22shape%22%3A%22shape-1%22%2C%22image_effect%22%3A%22style-1%22%2C%22smoothness%22%3A%2230%22%7D%5D\u00bb css=\u00bb.vc_custom_1669317228973{background-image: url(https:\/\/ewavemallorca.com\/wp-content\/uploads\/2022\/10\/Holographic-footer.jpg?id=3059) !important;background-position: center !important;background-repeat: no-repeat !important;background-size: cover !important;}\u00bb][vc_column width=\u00bb1\/6&#8243;][\/vc_column][vc_column width=\u00bb2\/3&#8243; css=\u00bb.vc_custom_1668018199972{background-color: rgba(255,255,255,0.28) !important;*background-color: rgb(255,255,255) !important;border-radius: 15px !important;}\u00bb]<div class=\"deeper-spacer clearfix\" data-config='{\"desktop\":90,\"mobile\":70,\"smobile\":50}'><\/div><h2 class=\"deeper-text align-center  wow fadeInUp\" style=\"font-size:36px;line-height:56px;margin-bottom:30px;color:#3f3f3f;\"  data-wow-duration=\"0.75s\" data-wow-delay=\"0.3s\"><span>Mant\u00e9n el contacto<br \/>\ny S\u00fabete a la ola!<\/span>\n<\/h2><div class=\"deeper-content-box clearfix ctb-788243104 wow fadeInUp\" style=\"\" data-config='{\"padding\":\"0\",\"mobiPadding\":\"0\",\"margin\":\"0\",\"mobiMargin\":\"0\",\"borderStyleHover\":\"solid\"}' data-wow-duration=\"0.75s\" data-wow-delay=\"0.3s\">\r\n\t\t\t\t\t<div class=\"inner \" style=\"\">\r\n\t\t\t\t\t\t<div class=\"deeper-cf7 form-2993 input-black btn-blue-light style-1 align-center\" style=\"max-width:570px;margin:0 auto;\">\n<div class=\"wpcf7 no-js\" id=\"wpcf7-f4626-o1\" lang=\"es-ES\" dir=\"ltr\" data-wpcf7-id=\"4626\">\n<div class=\"screen-reader-response\"><p role=\"status\" aria-live=\"polite\" aria-atomic=\"true\"><\/p> <ul><\/ul><\/div>\n<form action=\"\/es\/wp-json\/wp\/v2\/pages\/4474#wpcf7-f4626-o1\" method=\"post\" class=\"wpcf7-form init\" aria-label=\"Formulario de contacto\" novalidate=\"novalidate\" data-status=\"init\">\n<div style=\"display: none;\">\n<input type=\"hidden\" name=\"_wpcf7\" value=\"4626\" \/>\n<input type=\"hidden\" name=\"_wpcf7_version\" value=\"6.0.6\" \/>\n<input type=\"hidden\" name=\"_wpcf7_locale\" value=\"es_ES\" \/>\n<input type=\"hidden\" name=\"_wpcf7_unit_tag\" value=\"wpcf7-f4626-o1\" \/>\n<input type=\"hidden\" name=\"_wpcf7_container_post\" value=\"0\" \/>\n<input type=\"hidden\" name=\"_wpcf7_posted_data_hash\" value=\"\" \/>\n<input type=\"hidden\" name=\"_wpcf7_recaptcha_response\" value=\"\" \/>\n<\/div>\n<p><span class=\"wpcf7-form-control-wrap\" data-name=\"your-name\"><input size=\"40\" maxlength=\"400\" class=\"wpcf7-form-control wpcf7-text wpcf7-validates-as-required\" aria-required=\"true\" aria-invalid=\"false\" value=\"Tu Nombre\" type=\"text\" name=\"your-name\" \/><\/span>\n<\/p>\n<p><span class=\"wpcf7-form-control-wrap\" data-name=\"your-email\"><input size=\"40\" maxlength=\"400\" class=\"wpcf7-form-control wpcf7-email wpcf7-validates-as-required wpcf7-text wpcf7-validates-as-email\" aria-required=\"true\" aria-invalid=\"false\" value=\"Tu Email\" type=\"email\" name=\"your-email\" \/><\/span>\n<\/p>\n<p><span class=\"wpcf7-form-control-wrap\" data-name=\"your-message\"><textarea cols=\"40\" rows=\"10\" maxlength=\"2000\" class=\"wpcf7-form-control wpcf7-textarea\" aria-invalid=\"false\" name=\"your-message\">Tu Mensaje<\/textarea><\/span>\n<\/p>\n<p><span class=\"wpcf7-form-control-wrap\" data-name=\"acceptance-864\"><span class=\"wpcf7-form-control wpcf7-acceptance optional\"><span class=\"wpcf7-list-item\"><label><input type=\"checkbox\" name=\"acceptance-864\" value=\"1\" aria-invalid=\"false\" \/><span class=\"wpcf7-list-item-label\">Me gustar\u00eda suscribirme al bolet\u00edn para recibir informaci\u00f3n sobre eWave<\/span><\/label><\/span><\/span><\/span>\n<\/p>\n<p><span class=\"wpcf7-form-control-wrap\" data-name=\"acceptance-353\"><span class=\"wpcf7-form-control wpcf7-acceptance\"><span class=\"wpcf7-list-item\"><label><input type=\"checkbox\" name=\"acceptance-353\" value=\"1\" aria-invalid=\"false\" \/><span class=\"wpcf7-list-item-label\">Acepto las Pol\u00edticas de Privacidad y de Cookies, y los T\u00e9rminos y Condiciones*<\/span><\/label><\/span><\/span><\/span>\n<\/p>\n<p><button class=\"wpcf7-submit\">Enviar Mensaje<\/button>\n<\/p><div class=\"wpcf7-response-output\" aria-hidden=\"true\"><\/div>\n<\/form>\n<\/div>\n<\/div>\r\n\t\t\t\t\t<\/div>\r\n\t\t\t\t\t\r\n\t\t\t\t<\/div><div class=\"deeper-spacer clearfix\" data-config='{\"desktop\":90,\"mobile\":70,\"smobile\":50}'><\/div>[\/vc_column][vc_column width=\u00bb1\/6&#8243;][\/vc_column][\/vc_row]<\/p>\n<\/div>","protected":false},"excerpt":{"rendered":"<p>[vc_row full_width=\u00bbstretch_row\u00bb content_placement=\u00bbtop\u00bb bg_custom=\u00bbrow-full-width\u00bb bg_position=\u00bbcenter center\u00bb canvas=\u00bb%5B%7B%22shape%22%3A%22shape-1%22%2C%22image_effect%22%3A%22style-1%22%2C%22smoothness%22%3A%2230%22%7D%5D\u00bb css=\u00bb.vc_custom_1689072313528{background-color: #ffffff !important;}\u00bb][vc_column][\/vc_column][\/vc_row][vc_row gap=\u00bb35&#8243; canvas=\u00bb%5B%7B%22shape%22%3A%22shape-1%22%2C%22image_effect%22%3A%22style-1%22%2C%22smoothness%22%3A%2230%22%7D%5D\u00bb css=\u00bb.vc_custom_1666024385559{background-color: #f2ece1 !important;}\u00bb][vc_column][vc_column_text] Coworking en Palma de Mallorca [\/vc_column_text][vc_row_inner equal_height=\u00bbyes\u00bb content_placement=\u00bbmiddle\u00bb][vc_column_inner offset=\u00bbvc_col-md-5&#8243;][\/vc_column_inner][vc_column_inner offset=\u00bbvc_col-md-offset-1 vc_col-md-6&#8243;][\/vc_column_inner][\/vc_row_inner][\/vc_column][\/vc_row][vc_row gap=\u00bb35&#8243; canvas=\u00bb%5B%7B%22shape%22%3A%22shape-1%22%2C%22image_effect%22%3A%22style-1%22%2C%22smoothness%22%3A%2230%22%7D%5D\u00bb css=\u00bb.vc_custom_1669374922246{background-image: url(https:\/\/ewavemallorca.com\/wp-content\/uploads\/2022\/10\/line-banner-gradient.jpg?id=3050) !important;background-position: 0 0 !important;background-repeat: no-repeat !important;}\u00bb][vc_column][\/vc_column][\/vc_row][vc_row][vc_column][\/vc_column][vc_column width=\u00bb1\/2&#8243;][vc_tta_accordion shape=\u00bbsquare\u00bb color=\u00bbchino\u00bb c_icon=\u00bbchevron\u00bb active_section=\u00bb0&#8243; collapsible_all=\u00bbtrue\u00bb css=\u00bb.vc_custom_1669317173058{padding-top: 25px !important;padding-right: 25px !important;padding-bottom: 25px !important;padding-left: 25px<\/p>\n","protected":false},"author":1,"featured_media":4475,"parent":0,"menu_order":0,"comment_status":"closed","ping_status":"closed","template":"","meta":{"_monsterinsights_skip_tracking":false,"_monsterinsights_sitenote_active":false,"_monsterinsights_sitenote_note":"","_monsterinsights_sitenote_category":0,"footnotes":""},"class_list":["post-4474","page","type-page","status-publish","has-post-thumbnail","hentry"],"yoast_head":"<!-- This site is optimized with the Yoast SEO plugin v25.2 - https:\/\/yoast.com\/wordpress\/plugins\/seo\/ -->\n<title>Coworking en Palma de Mallorca - eWave Mallorca<\/title>\n<meta name=\"description\" content=\"Coworking en Palma de Mallorca que te dar\u00e1 la oportunidad de trabajar en un ambiente sano, confortable y fresco.\" \/>\n<meta name=\"robots\" content=\"index, follow, max-snippet:-1, max-image-preview:large, max-video-preview:-1\" \/>\n<link rel=\"canonical\" href=\"https:\/\/ewavemallorca.com\/es\/\" \/>\n<meta property=\"og:locale\" content=\"es_ES\" \/>\n<meta property=\"og:type\" content=\"article\" \/>\n<meta property=\"og:title\" content=\"Coworking en Palma de Mallorca - eWave Mallorca\" \/>\n<meta property=\"og:description\" content=\"Coworking en Palma de Mallorca que te dar\u00e1 la oportunidad de trabajar en un ambiente sano, confortable y fresco.\" \/>\n<meta property=\"og:url\" content=\"https:\/\/ewavemallorca.com\/es\/\" \/>\n<meta property=\"og:site_name\" content=\"eWave Mallorca\" \/>\n<meta property=\"article:publisher\" content=\"https:\/\/www.facebook.com\/profile.php?id=100091211139705\" \/>\n<meta property=\"article:modified_time\" content=\"2024-02-14T11:32:47+00:00\" \/>\n<meta property=\"og:image\" content=\"https:\/\/ewavemallorca.com\/wp-content\/uploads\/2022\/11\/ewave-coworking-hybrid-incubator-mallorca.jpg\" \/>\n\t<meta property=\"og:image:width\" content=\"1024\" \/>\n\t<meta property=\"og:image:height\" content=\"768\" \/>\n\t<meta property=\"og:image:type\" content=\"image\/jpeg\" \/>\n<meta name=\"twitter:card\" content=\"summary_large_image\" \/>\n<meta name=\"twitter:label1\" content=\"Tiempo de lectura\" \/>\n\t<meta name=\"twitter:data1\" content=\"5 minutos\" \/>\n<script type=\"application\/ld+json\" class=\"yoast-schema-graph\">{\"@context\":\"https:\/\/schema.org\",\"@graph\":[{\"@type\":\"WebPage\",\"@id\":\"https:\/\/ewavemallorca.com\/es\/\",\"url\":\"https:\/\/ewavemallorca.com\/es\/\",\"name\":\"Coworking en Palma de Mallorca - eWave Mallorca\",\"isPartOf\":{\"@id\":\"https:\/\/ewavemallorca.com\/es\/#website\"},\"primaryImageOfPage\":{\"@id\":\"https:\/\/ewavemallorca.com\/es\/#primaryimage\"},\"image\":{\"@id\":\"https:\/\/ewavemallorca.com\/es\/#primaryimage\"},\"thumbnailUrl\":\"https:\/\/ewavemallorca.com\/wp-content\/uploads\/2022\/11\/ewave-coworking-hybrid-incubator-mallorca.jpg\",\"datePublished\":\"2020-05-25T13:24:01+00:00\",\"dateModified\":\"2024-02-14T11:32:47+00:00\",\"description\":\"Coworking en Palma de Mallorca que te dar\u00e1 la oportunidad de trabajar en un ambiente sano, confortable y fresco.\",\"breadcrumb\":{\"@id\":\"https:\/\/ewavemallorca.com\/es\/#breadcrumb\"},\"inLanguage\":\"es\",\"potentialAction\":[{\"@type\":\"ReadAction\",\"target\":[\"https:\/\/ewavemallorca.com\/es\/\"]}]},{\"@type\":\"ImageObject\",\"inLanguage\":\"es\",\"@id\":\"https:\/\/ewavemallorca.com\/es\/#primaryimage\",\"url\":\"https:\/\/ewavemallorca.com\/wp-content\/uploads\/2022\/11\/ewave-coworking-hybrid-incubator-mallorca.jpg\",\"contentUrl\":\"https:\/\/ewavemallorca.com\/wp-content\/uploads\/2022\/11\/ewave-coworking-hybrid-incubator-mallorca.jpg\",\"width\":1024,\"height\":768,\"caption\":\"Coworking en Palma de Mallorca que te dar\u00e1 la oportunidad de trabajar en un ambiente sano, confortable y fresco.\"},{\"@type\":\"BreadcrumbList\",\"@id\":\"https:\/\/ewavemallorca.com\/es\/#breadcrumb\",\"itemListElement\":[{\"@type\":\"ListItem\",\"position\":1,\"name\":\"Portada\",\"item\":\"https:\/\/ewavemallorca.com\/es\/\"},{\"@type\":\"ListItem\",\"position\":2,\"name\":\"Balance saludable entre vida profesional y personal.\"}]},{\"@type\":\"WebSite\",\"@id\":\"https:\/\/ewavemallorca.com\/es\/#website\",\"url\":\"https:\/\/ewavemallorca.com\/es\/\",\"name\":\"eWave Coworking Mallorca\",\"description\":\"coworking and startup incubator\",\"publisher\":{\"@id\":\"https:\/\/ewavemallorca.com\/es\/#organization\"},\"potentialAction\":[{\"@type\":\"SearchAction\",\"target\":{\"@type\":\"EntryPoint\",\"urlTemplate\":\"https:\/\/ewavemallorca.com\/es\/?s={search_term_string}\"},\"query-input\":{\"@type\":\"PropertyValueSpecification\",\"valueRequired\":true,\"valueName\":\"search_term_string\"}}],\"inLanguage\":\"es\"},{\"@type\":\"Organization\",\"@id\":\"https:\/\/ewavemallorca.com\/es\/#organization\",\"name\":\"eWave Mallorca\",\"url\":\"https:\/\/ewavemallorca.com\/es\/\",\"logo\":{\"@type\":\"ImageObject\",\"inLanguage\":\"es\",\"@id\":\"https:\/\/ewavemallorca.com\/es\/#\/schema\/logo\/image\/\",\"url\":\"https:\/\/ewavemallorca.com\/wp-content\/uploads\/2022\/10\/ewave-no-baseline.png\",\"contentUrl\":\"https:\/\/ewavemallorca.com\/wp-content\/uploads\/2022\/10\/ewave-no-baseline.png\",\"width\":1999,\"height\":387,\"caption\":\"eWave Mallorca\"},\"image\":{\"@id\":\"https:\/\/ewavemallorca.com\/es\/#\/schema\/logo\/image\/\"},\"sameAs\":[\"https:\/\/www.facebook.com\/profile.php?id=100091211139705\",\"https:\/\/www.instagram.com\/ewave_mallorca\/\",\"https:\/\/www.linkedin.com\/company\/93342441\/\"]}]}<\/script>\n<!-- \/ Yoast SEO plugin. -->","yoast_head_json":{"title":"Coworking en Palma de Mallorca - eWave Mallorca","description":"Coworking en Palma de Mallorca que te dar\u00e1 la oportunidad de trabajar en un ambiente sano, confortable y fresco.","robots":{"index":"index","follow":"follow","max-snippet":"max-snippet:-1","max-image-preview":"max-image-preview:large","max-video-preview":"max-video-preview:-1"},"canonical":"https:\/\/ewavemallorca.com\/es\/","og_locale":"es_ES","og_type":"article","og_title":"Coworking en Palma de Mallorca - eWave Mallorca","og_description":"Coworking en Palma de Mallorca que te dar\u00e1 la oportunidad de trabajar en un ambiente sano, confortable y fresco.","og_url":"https:\/\/ewavemallorca.com\/es\/","og_site_name":"eWave Mallorca","article_publisher":"https:\/\/www.facebook.com\/profile.php?id=100091211139705","article_modified_time":"2024-02-14T11:32:47+00:00","og_image":[{"width":1024,"height":768,"url":"https:\/\/ewavemallorca.com\/wp-content\/uploads\/2022\/11\/ewave-coworking-hybrid-incubator-mallorca.jpg","type":"image\/jpeg"}],"twitter_card":"summary_large_image","twitter_misc":{"Tiempo de lectura":"5 minutos"},"schema":{"@context":"https:\/\/schema.org","@graph":[{"@type":"WebPage","@id":"https:\/\/ewavemallorca.com\/es\/","url":"https:\/\/ewavemallorca.com\/es\/","name":"Coworking en Palma de Mallorca - eWave Mallorca","isPartOf":{"@id":"https:\/\/ewavemallorca.com\/es\/#website"},"primaryImageOfPage":{"@id":"https:\/\/ewavemallorca.com\/es\/#primaryimage"},"image":{"@id":"https:\/\/ewavemallorca.com\/es\/#primaryimage"},"thumbnailUrl":"https:\/\/ewavemallorca.com\/wp-content\/uploads\/2022\/11\/ewave-coworking-hybrid-incubator-mallorca.jpg","datePublished":"2020-05-25T13:24:01+00:00","dateModified":"2024-02-14T11:32:47+00:00","description":"Coworking en Palma de Mallorca que te dar\u00e1 la oportunidad de trabajar en un ambiente sano, confortable y fresco.","breadcrumb":{"@id":"https:\/\/ewavemallorca.com\/es\/#breadcrumb"},"inLanguage":"es","potentialAction":[{"@type":"ReadAction","target":["https:\/\/ewavemallorca.com\/es\/"]}]},{"@type":"ImageObject","inLanguage":"es","@id":"https:\/\/ewavemallorca.com\/es\/#primaryimage","url":"https:\/\/ewavemallorca.com\/wp-content\/uploads\/2022\/11\/ewave-coworking-hybrid-incubator-mallorca.jpg","contentUrl":"https:\/\/ewavemallorca.com\/wp-content\/uploads\/2022\/11\/ewave-coworking-hybrid-incubator-mallorca.jpg","width":1024,"height":768,"caption":"Coworking en Palma de Mallorca que te dar\u00e1 la oportunidad de trabajar en un ambiente sano, confortable y fresco."},{"@type":"BreadcrumbList","@id":"https:\/\/ewavemallorca.com\/es\/#breadcrumb","itemListElement":[{"@type":"ListItem","position":1,"name":"Portada","item":"https:\/\/ewavemallorca.com\/es\/"},{"@type":"ListItem","position":2,"name":"Balance saludable entre vida profesional y personal."}]},{"@type":"WebSite","@id":"https:\/\/ewavemallorca.com\/es\/#website","url":"https:\/\/ewavemallorca.com\/es\/","name":"eWave Coworking Mallorca","description":"coworking and startup incubator","publisher":{"@id":"https:\/\/ewavemallorca.com\/es\/#organization"},"potentialAction":[{"@type":"SearchAction","target":{"@type":"EntryPoint","urlTemplate":"https:\/\/ewavemallorca.com\/es\/?s={search_term_string}"},"query-input":{"@type":"PropertyValueSpecification","valueRequired":true,"valueName":"search_term_string"}}],"inLanguage":"es"},{"@type":"Organization","@id":"https:\/\/ewavemallorca.com\/es\/#organization","name":"eWave Mallorca","url":"https:\/\/ewavemallorca.com\/es\/","logo":{"@type":"ImageObject","inLanguage":"es","@id":"https:\/\/ewavemallorca.com\/es\/#\/schema\/logo\/image\/","url":"https:\/\/ewavemallorca.com\/wp-content\/uploads\/2022\/10\/ewave-no-baseline.png","contentUrl":"https:\/\/ewavemallorca.com\/wp-content\/uploads\/2022\/10\/ewave-no-baseline.png","width":1999,"height":387,"caption":"eWave Mallorca"},"image":{"@id":"https:\/\/ewavemallorca.com\/es\/#\/schema\/logo\/image\/"},"sameAs":["https:\/\/www.facebook.com\/profile.php?id=100091211139705","https:\/\/www.instagram.com\/ewave_mallorca\/","https:\/\/www.linkedin.com\/company\/93342441\/"]}]}},"_links":{"self":[{"href":"https:\/\/ewavemallorca.com\/es\/wp-json\/wp\/v2\/pages\/4474","targetHints":{"allow":["GET"]}}],"collection":[{"href":"https:\/\/ewavemallorca.com\/es\/wp-json\/wp\/v2\/pages"}],"about":[{"href":"https:\/\/ewavemallorca.com\/es\/wp-json\/wp\/v2\/types\/page"}],"author":[{"embeddable":true,"href":"https:\/\/ewavemallorca.com\/es\/wp-json\/wp\/v2\/users\/1"}],"replies":[{"embeddable":true,"href":"https:\/\/ewavemallorca.com\/es\/wp-json\/wp\/v2\/comments?post=4474"}],"version-history":[{"count":11,"href":"https:\/\/ewavemallorca.com\/es\/wp-json\/wp\/v2\/pages\/4474\/revisions"}],"predecessor-version":[{"id":4763,"href":"https:\/\/ewavemallorca.com\/es\/wp-json\/wp\/v2\/pages\/4474\/revisions\/4763"}],"wp:featuredmedia":[{"embeddable":true,"href":"https:\/\/ewavemallorca.com\/es\/wp-json\/wp\/v2\/media\/4475"}],"wp:attachment":[{"href":"https:\/\/ewavemallorca.com\/es\/wp-json\/wp\/v2\/media?parent=4474"}],"curies":[{"name":"wp","href":"https:\/\/api.w.org\/{rel}","templated":true}]}}